{"id":982622,"date":"2026-02-14T10:39:05","date_gmt":"2026-02-14T10:39:05","guid":{"rendered":"https:\/\/jammestate.com\/inmueble\/venta\/apartamento\/malaga\/benalmadena\/jamm-21250\/"},"modified":"2026-02-14T10:39:05","modified_gmt":"2026-02-14T10:39:05","slug":"piso-centrico-en-arroyo-de-la-miel-con-piscina-y-plaza-de-garaje-jamm-21250-en","status":"publish","type":"property","link":"https:\/\/jammestate.com\/en\/property\/piso-centrico-en-arroyo-de-la-miel-con-piscina-y-plaza-de-garaje-jamm-21250-en\/","title":{"rendered":"Piso c\u00e9ntrico en Arroyo de la Miel con piscina y plaza de garaje &#8211; jamm-21250"},"content":{"rendered":"<p>\u2728 Amplio piso con garaje y piscina en el coraz\u00f3n de Arroyo de la Miel \u2728<\/p>\n<p>Descubre esta fant\u00e1stica vivienda de 110 m\u00b2, ubicada en una de las zonas m\u00e1s demandadas de Arroyo de la Miel, ideal tanto como residencia habitual como inversi\u00f3n segura en la Costa del Sol.<\/p>\n<p>La vivienda se distribuye en un luminoso sal\u00f3n comedor, perfecto para disfrutar en familia o con amigos, 3 dormitorios (uno principal y dos secundarios) y 2 ba\u00f1os completos, ofreciendo comodidad y funcionalidad para el d\u00eda a d\u00eda.<\/p>\n<p>Dispone de aire acondicionado, una plaza de garaje incluida en el precio y forma parte de una urbanizaci\u00f3n con piscina comunitaria, ideal para relajarse y disfrutar del excelente clima de la zona.<\/p>\n<p>? Ubicaci\u00f3n inmejorable: a escasos metros del centro de Arroyo de la Miel, con todos los servicios al alcance: supermercados, colegios, transporte p\u00fablico, comercios y zonas de ocio. Todo lo que necesitas, sin necesidad de coche.<\/p>\n<p>Una propiedad con espacio, ubicaci\u00f3n y calidad de vida, lista para entrar a vivir o para obtener una alta rentabilidad.<\/p>\n<p>? No dejes pasar esta oportunidad. Contacta para m\u00e1s informaci\u00f3n o visita.<\/p>\n","protected":false},"excerpt":{"rendered":"<p>~\u2728 Amplio piso con garaje y piscina en el coraz\u00f3n de Arroyo de la Miel \u2728~~Descubre esta fant\u00e1stica vivienda de 110 m\u00b2, ubicada en una de las zonas m\u00e1s demandadas de Arroyo de la Miel, ideal tanto como residencia habitual como inversi\u00f3n segura en la Costa del Sol.~~La vivienda se distribuye en un luminoso sal\u00f3n comedor, perfecto <\/p>\n","protected":false},"author":3,"featured_media":982623,"parent":0,"menu_order":0,"template":"","property_type":[145],"property_status":[98],"property_feature":[108,147,130,100,104],"property_label":[94],"property_country":[],"property_state":[133],"property_city":[152],"property_area":[177],"class_list":["post-982622","property","type-property","status-publish","has-post-thumbnail","hentry","property_type-apartment","property_status-sale","property_feature-air-conditioning","property_feature-elevator","property_feature-exterior-overlooking","property_feature-parking-en","property_feature-swimming-pool","property_label-resale","property_state-malaga","property_city-benalmadena","property_area-arroyo-de-la-miel"],"property_meta":{"fave_agent":["18742"],"fave_agents":["18742"],"fave_agent_display_option":["agent_info"],"property_agent":["18742"],"custom_permalink":["inmueble\/venta\/apartamento\/malaga\/benalmadena\/jamm-21250\/"],"_thumbnail_id":["982623"],"post_id":["Array"],"original_author":["3"],"_edit_lock":["1604137107:1"],"_edit_last":["1"],"fave_property_map_street_view":["show"],"fave_payment_status":["not_paid"],"fave_single_top_area":["global"],"fave_single_content_area":["global"],"houzez_manual_expire":["0"],"fave_property_size_prefix":["m&sup2;"],"fave_property_map":["1"],"fave_additional_features_enable":["disable"],"fave_floor_plans_enable":["disable"],"fave_multiunit_plans_enable":["disable"],"fave_prop_homeslider":["no"],"fave_featured":["0"],"fave_property_address":["Benalm\u00e1dena,M\u00e1laga"],"fave_property_zip":["29630"],"houzez_geolocation_lat":["36.596595615"],"houzez_geolocation_long":["-4.533716391"],"fave_property_location":["36.596595615,-4.533716391"],"fave_property_country":["ES"],"fave_property_map_address":["Benalm\u00e1dena,M\u00e1laga,Spain"],"fave_comunidadimporte":["0"],"fave_comunidadincluida":["0"],"fave_conservacion":["Entrar a vivir"],"fave_orientacion":["Sureste"],"fave_carpinteriainterior":[""],"fave_carpinteriaexterior":[""],"fave_tiposuelo":[""],"fave_vistas":[""],"additional_features":["a:5:{i:0;a:2:{s:29:\"fave_additional_feature_title\";s:12:\"Carpinter\u00eda\";s:29:\"fave_additional_feature_value\";s:0:\"\";}i:1;a:2:{s:29:\"fave_additional_feature_title\";s:21:\"Carpinter\u00eda exterior\";s:29:\"fave_additional_feature_value\";s:0:\"\";}i:2;a:2:{s:29:\"fave_additional_feature_title\";s:6:\"Estado\";s:29:\"fave_additional_feature_value\";s:14:\"Entrar a vivir\";}i:3;a:2:{s:29:\"fave_additional_feature_title\";s:6:\"Vistas\";s:29:\"fave_additional_feature_value\";s:0:\"\";}i:4;a:2:{s:29:\"fave_additional_feature_title\";s:11:\"Orientacion\";s:29:\"fave_additional_feature_value\";s:7:\"Sureste\";}}"],"referencia":["jamm-21250"],"fave_property_id":["jamm-21250"],"fave_property_bedrooms":["3"],"fave_property_bathrooms":["2"],"fave_property_garage":["1"],"fave_property_land":["0"],"ave_property_land_postfix":["m&sup2;"],"fave_property_size":["116"],"fave_property_year":["0"],"fave_energy_global_index":["0 kWh\/m&sup2; \/1234.99 Kg CO2\/m&sup2;"],"fave_energy_class":["D"],"estate_attr_energy_class":["D"],"REAL_HOMES_property_emisiones":["1234.99"],"REAL_HOMES_property_consumo":["0"],"REAL_HOMES_property_letra":["D"],"estate_video":[""],"fave_virtual_tour":[""],"vendidoInmueble":[""],"fave_property_price":["520000"],"fave_property_price_postfix":[""],"fave_property_images":["982623","982624","982625","982626","982627","982628","982629","982630","982631","982632","982633","982634","982635","982636","982637","982638","982639","982640","982641","982642","982643","982644","982645","982646","982647","982648","982649","982650","982651","982652","982653","982654","982655","982656","982657","982658","982659","982660"],"houzez_total_property_views":["2"],"houzez_views_by_date":["a:1:{s:10:\"09-03-2026\";i:2;}"],"houzez_recently_viewed":["2026-09-04 01:11:12"],"_elementor_page_assets":["a:0:{}"]},"yoast_head":"<!-- This site is optimized with the Yoast SEO plugin v27.7 - https:\/\/yoast.com\/product\/yoast-seo-wordpress\/ -->\n<title>Piso c\u00e9ntrico en Arroyo de la Miel con piscina y plaza de garaje - jamm-21250 - Inmobiliaria en Costa del Sol - JAMM ESTATE<\/title>\n<meta name=\"robots\" content=\"index, follow, max-snippet:-1, max-image-preview:large, max-video-preview:-1\" \/>\n<link rel=\"canonical\" href=\"https:\/\/jammestate.com\/en\/property\/piso-centrico-en-arroyo-de-la-miel-con-piscina-y-plaza-de-garaje-jamm-21250-en\/\" \/>\n<meta property=\"og:locale\" content=\"en_US\" \/>\n<meta property=\"og:type\" content=\"article\" \/>\n<meta property=\"og:title\" content=\"Piso c\u00e9ntrico en Arroyo de la Miel con piscina y plaza de garaje - jamm-21250 - Inmobiliaria en Costa del Sol - JAMM ESTATE\" \/>\n<meta property=\"og:description\" content=\"~\u2728 Amplio piso con garaje y piscina en el coraz\u00f3n de Arroyo de la Miel \u2728~~Descubre esta fant\u00e1stica vivienda de 110 m\u00b2, ubicada en una de las zonas m\u00e1s demandadas de Arroyo de la Miel, ideal tanto como residencia habitual como inversi\u00f3n segura en la Costa del Sol.~~La vivienda se distribuye en un luminoso sal\u00f3n comedor, perfecto\" \/>\n<meta property=\"og:url\" content=\"https:\/\/jammestate.com\/en\/property\/piso-centrico-en-arroyo-de-la-miel-con-piscina-y-plaza-de-garaje-jamm-21250-en\/\" \/>\n<meta property=\"og:site_name\" content=\"Inmobiliaria en Costa del Sol - JAMM ESTATE\" \/>\n<meta property=\"article:publisher\" content=\"https:\/\/www.facebook.com\/jamm.estate?locale=es_ES\" \/>\n<meta property=\"og:image\" content=\"https:\/\/fotos15.apinmo.com\/8392\/28033698\/42-1.jpg\" \/>\n\t<meta property=\"og:image:width\" content=\"850\" \/>\n\t<meta property=\"og:image:height\" content=\"426\" \/>\n\t<meta property=\"og:image:type\" content=\"image\/jpeg\" \/>\n<meta name=\"twitter:card\" content=\"summary_large_image\" \/>\n<meta name=\"twitter:label1\" content=\"Est. reading time\" \/>\n\t<meta name=\"twitter:data1\" content=\"1 minute\" \/>\n<script type=\"application\/ld+json\" class=\"yoast-schema-graph\">{\"@context\":\"https:\\\/\\\/schema.org\",\"@graph\":[{\"@type\":\"WebPage\",\"@id\":\"https:\\\/\\\/jammestate.com\\\/en\\\/property\\\/piso-centrico-en-arroyo-de-la-miel-con-piscina-y-plaza-de-garaje-jamm-21250-en\\\/\",\"url\":\"https:\\\/\\\/jammestate.com\\\/en\\\/property\\\/piso-centrico-en-arroyo-de-la-miel-con-piscina-y-plaza-de-garaje-jamm-21250-en\\\/\",\"name\":\"Piso c\u00e9ntrico en Arroyo de la Miel con piscina y plaza de garaje - jamm-21250 - Inmobiliaria en Costa del Sol - JAMM ESTATE\",\"isPartOf\":{\"@id\":\"https:\\\/\\\/jammestate.com\\\/#website\"},\"primaryImageOfPage\":{\"@id\":\"https:\\\/\\\/jammestate.com\\\/en\\\/property\\\/piso-centrico-en-arroyo-de-la-miel-con-piscina-y-plaza-de-garaje-jamm-21250-en\\\/#primaryimage\"},\"image\":{\"@id\":\"https:\\\/\\\/jammestate.com\\\/en\\\/property\\\/piso-centrico-en-arroyo-de-la-miel-con-piscina-y-plaza-de-garaje-jamm-21250-en\\\/#primaryimage\"},\"thumbnailUrl\":\"https:\\\/\\\/fotos15.apinmo.com\\\/8392\\\/28033698\\\/42-1.jpg\",\"datePublished\":\"2026-02-14T10:39:05+00:00\",\"breadcrumb\":{\"@id\":\"https:\\\/\\\/jammestate.com\\\/en\\\/property\\\/piso-centrico-en-arroyo-de-la-miel-con-piscina-y-plaza-de-garaje-jamm-21250-en\\\/#breadcrumb\"},\"inLanguage\":\"en-US\",\"potentialAction\":[{\"@type\":\"ReadAction\",\"target\":[\"https:\\\/\\\/jammestate.com\\\/en\\\/property\\\/piso-centrico-en-arroyo-de-la-miel-con-piscina-y-plaza-de-garaje-jamm-21250-en\\\/\"]}]},{\"@type\":\"ImageObject\",\"inLanguage\":\"en-US\",\"@id\":\"https:\\\/\\\/jammestate.com\\\/en\\\/property\\\/piso-centrico-en-arroyo-de-la-miel-con-piscina-y-plaza-de-garaje-jamm-21250-en\\\/#primaryimage\",\"url\":\"https:\\\/\\\/fotos15.apinmo.com\\\/8392\\\/28033698\\\/42-1.jpg\",\"contentUrl\":\"https:\\\/\\\/fotos15.apinmo.com\\\/8392\\\/28033698\\\/42-1.jpg\",\"width\":850,\"height\":426,\"caption\":\"Piso c\u00e9ntrico en arroyo de la miel con piscina y plaza de garaje - imagenInmueble0\"},{\"@type\":\"BreadcrumbList\",\"@id\":\"https:\\\/\\\/jammestate.com\\\/en\\\/property\\\/piso-centrico-en-arroyo-de-la-miel-con-piscina-y-plaza-de-garaje-jamm-21250-en\\\/#breadcrumb\",\"itemListElement\":[{\"@type\":\"ListItem\",\"position\":1,\"name\":\"Portada\",\"item\":\"https:\\\/\\\/jammestate.com\\\/\"},{\"@type\":\"ListItem\",\"position\":2,\"name\":\"Propiedades\",\"item\":\"https:\\\/\\\/jammestate.com\\\/property\\\/\"},{\"@type\":\"ListItem\",\"position\":3,\"name\":\"Piso c\u00e9ntrico en Arroyo de la Miel con piscina y plaza de garaje &#8211; jamm-21250\"}]},{\"@type\":\"WebSite\",\"@id\":\"https:\\\/\\\/jammestate.com\\\/#website\",\"url\":\"https:\\\/\\\/jammestate.com\\\/\",\"name\":\"JAMM ESTATE\",\"description\":\"\",\"publisher\":{\"@id\":\"https:\\\/\\\/jammestate.com\\\/#organization\"},\"potentialAction\":[{\"@type\":\"SearchAction\",\"target\":{\"@type\":\"EntryPoint\",\"urlTemplate\":\"https:\\\/\\\/jammestate.com\\\/?s={search_term_string}\"},\"query-input\":{\"@type\":\"PropertyValueSpecification\",\"valueRequired\":true,\"valueName\":\"search_term_string\"}}],\"inLanguage\":\"en-US\"},{\"@type\":\"Organization\",\"@id\":\"https:\\\/\\\/jammestate.com\\\/#organization\",\"name\":\"JAMM ESTATE\",\"url\":\"https:\\\/\\\/jammestate.com\\\/\",\"logo\":{\"@type\":\"ImageObject\",\"inLanguage\":\"en-US\",\"@id\":\"https:\\\/\\\/jammestate.com\\\/#\\\/schema\\\/logo\\\/image\\\/\",\"url\":\"https:\\\/\\\/jammestate.com\\\/wp-content\\\/uploads\\\/2025\\\/09\\\/Logo_JAMM_Inmobiliaria.png\",\"contentUrl\":\"https:\\\/\\\/jammestate.com\\\/wp-content\\\/uploads\\\/2025\\\/09\\\/Logo_JAMM_Inmobiliaria.png\",\"width\":1000,\"height\":719,\"caption\":\"JAMM ESTATE\"},\"image\":{\"@id\":\"https:\\\/\\\/jammestate.com\\\/#\\\/schema\\\/logo\\\/image\\\/\"},\"sameAs\":[\"https:\\\/\\\/www.facebook.com\\\/jamm.estate?locale=es_ES\",\"https:\\\/\\\/www.instagram.com\\\/jamm.estate\\\/\",\"https:\\\/\\\/www.tiktok.com\\\/@jamm.estate\",\"https:\\\/\\\/www.linkedin.com\\\/in\\\/juan-a-molina-martnez-74595466\\\/\"]}]}<\/script>\n<!-- \/ Yoast SEO plugin. -->","yoast_head_json":{"title":"Piso c\u00e9ntrico en Arroyo de la Miel con piscina y plaza de garaje - jamm-21250 - Inmobiliaria en Costa del Sol - JAMM ESTATE","robots":{"index":"index","follow":"follow","max-snippet":"max-snippet:-1","max-image-preview":"max-image-preview:large","max-video-preview":"max-video-preview:-1"},"canonical":"https:\/\/jammestate.com\/en\/property\/piso-centrico-en-arroyo-de-la-miel-con-piscina-y-plaza-de-garaje-jamm-21250-en\/","og_locale":"en_US","og_type":"article","og_title":"Piso c\u00e9ntrico en Arroyo de la Miel con piscina y plaza de garaje - jamm-21250 - Inmobiliaria en Costa del Sol - JAMM ESTATE","og_description":"~\u2728 Amplio piso con garaje y piscina en el coraz\u00f3n de Arroyo de la Miel \u2728~~Descubre esta fant\u00e1stica vivienda de 110 m\u00b2, ubicada en una de las zonas m\u00e1s demandadas de Arroyo de la Miel, ideal tanto como residencia habitual como inversi\u00f3n segura en la Costa del Sol.~~La vivienda se distribuye en un luminoso sal\u00f3n comedor, perfecto","og_url":"https:\/\/jammestate.com\/en\/property\/piso-centrico-en-arroyo-de-la-miel-con-piscina-y-plaza-de-garaje-jamm-21250-en\/","og_site_name":"Inmobiliaria en Costa del Sol - JAMM ESTATE","article_publisher":"https:\/\/www.facebook.com\/jamm.estate?locale=es_ES","og_image":[{"width":850,"height":426,"url":"https:\/\/fotos15.apinmo.com\/8392\/28033698\/42-1.jpg","type":"image\/jpeg"}],"twitter_card":"summary_large_image","twitter_misc":{"Est. reading time":"1 minute"},"schema":{"@context":"https:\/\/schema.org","@graph":[{"@type":"WebPage","@id":"https:\/\/jammestate.com\/en\/property\/piso-centrico-en-arroyo-de-la-miel-con-piscina-y-plaza-de-garaje-jamm-21250-en\/","url":"https:\/\/jammestate.com\/en\/property\/piso-centrico-en-arroyo-de-la-miel-con-piscina-y-plaza-de-garaje-jamm-21250-en\/","name":"Piso c\u00e9ntrico en Arroyo de la Miel con piscina y plaza de garaje - jamm-21250 - Inmobiliaria en Costa del Sol - JAMM ESTATE","isPartOf":{"@id":"https:\/\/jammestate.com\/#website"},"primaryImageOfPage":{"@id":"https:\/\/jammestate.com\/en\/property\/piso-centrico-en-arroyo-de-la-miel-con-piscina-y-plaza-de-garaje-jamm-21250-en\/#primaryimage"},"image":{"@id":"https:\/\/jammestate.com\/en\/property\/piso-centrico-en-arroyo-de-la-miel-con-piscina-y-plaza-de-garaje-jamm-21250-en\/#primaryimage"},"thumbnailUrl":"https:\/\/fotos15.apinmo.com\/8392\/28033698\/42-1.jpg","datePublished":"2026-02-14T10:39:05+00:00","breadcrumb":{"@id":"https:\/\/jammestate.com\/en\/property\/piso-centrico-en-arroyo-de-la-miel-con-piscina-y-plaza-de-garaje-jamm-21250-en\/#breadcrumb"},"inLanguage":"en-US","potentialAction":[{"@type":"ReadAction","target":["https:\/\/jammestate.com\/en\/property\/piso-centrico-en-arroyo-de-la-miel-con-piscina-y-plaza-de-garaje-jamm-21250-en\/"]}]},{"@type":"ImageObject","inLanguage":"en-US","@id":"https:\/\/jammestate.com\/en\/property\/piso-centrico-en-arroyo-de-la-miel-con-piscina-y-plaza-de-garaje-jamm-21250-en\/#primaryimage","url":"https:\/\/fotos15.apinmo.com\/8392\/28033698\/42-1.jpg","contentUrl":"https:\/\/fotos15.apinmo.com\/8392\/28033698\/42-1.jpg","width":850,"height":426,"caption":"Piso c\u00e9ntrico en arroyo de la miel con piscina y plaza de garaje - imagenInmueble0"},{"@type":"BreadcrumbList","@id":"https:\/\/jammestate.com\/en\/property\/piso-centrico-en-arroyo-de-la-miel-con-piscina-y-plaza-de-garaje-jamm-21250-en\/#breadcrumb","itemListElement":[{"@type":"ListItem","position":1,"name":"Portada","item":"https:\/\/jammestate.com\/"},{"@type":"ListItem","position":2,"name":"Propiedades","item":"https:\/\/jammestate.com\/property\/"},{"@type":"ListItem","position":3,"name":"Piso c\u00e9ntrico en Arroyo de la Miel con piscina y plaza de garaje &#8211; jamm-21250"}]},{"@type":"WebSite","@id":"https:\/\/jammestate.com\/#website","url":"https:\/\/jammestate.com\/","name":"JAMM ESTATE","description":"","publisher":{"@id":"https:\/\/jammestate.com\/#organization"},"potentialAction":[{"@type":"SearchAction","target":{"@type":"EntryPoint","urlTemplate":"https:\/\/jammestate.com\/?s={search_term_string}"},"query-input":{"@type":"PropertyValueSpecification","valueRequired":true,"valueName":"search_term_string"}}],"inLanguage":"en-US"},{"@type":"Organization","@id":"https:\/\/jammestate.com\/#organization","name":"JAMM ESTATE","url":"https:\/\/jammestate.com\/","logo":{"@type":"ImageObject","inLanguage":"en-US","@id":"https:\/\/jammestate.com\/#\/schema\/logo\/image\/","url":"https:\/\/jammestate.com\/wp-content\/uploads\/2025\/09\/Logo_JAMM_Inmobiliaria.png","contentUrl":"https:\/\/jammestate.com\/wp-content\/uploads\/2025\/09\/Logo_JAMM_Inmobiliaria.png","width":1000,"height":719,"caption":"JAMM ESTATE"},"image":{"@id":"https:\/\/jammestate.com\/#\/schema\/logo\/image\/"},"sameAs":["https:\/\/www.facebook.com\/jamm.estate?locale=es_ES","https:\/\/www.instagram.com\/jamm.estate\/","https:\/\/www.tiktok.com\/@jamm.estate","https:\/\/www.linkedin.com\/in\/juan-a-molina-martnez-74595466\/"]}]}},"_links":{"self":[{"href":"https:\/\/jammestate.com\/en\/wp-json\/wp\/v2\/properties\/982622","targetHints":{"allow":["GET"]}}],"collection":[{"href":"https:\/\/jammestate.com\/en\/wp-json\/wp\/v2\/properties"}],"about":[{"href":"https:\/\/jammestate.com\/en\/wp-json\/wp\/v2\/types\/property"}],"author":[{"embeddable":true,"href":"https:\/\/jammestate.com\/en\/wp-json\/wp\/v2\/users\/3"}],"version-history":[{"count":0,"href":"https:\/\/jammestate.com\/en\/wp-json\/wp\/v2\/properties\/982622\/revisions"}],"wp:featuredmedia":[{"embeddable":true,"href":"https:\/\/jammestate.com\/en\/wp-json\/wp\/v2\/media\/982623"}],"wp:attachment":[{"href":"https:\/\/jammestate.com\/en\/wp-json\/wp\/v2\/media?parent=982622"}],"wp:term":[{"taxonomy":"property_type","embeddable":true,"href":"https:\/\/jammestate.com\/en\/wp-json\/wp\/v2\/property_type?post=982622"},{"taxonomy":"property_status","embeddable":true,"href":"https:\/\/jammestate.com\/en\/wp-json\/wp\/v2\/property_status?post=982622"},{"taxonomy":"property_feature","embeddable":true,"href":"https:\/\/jammestate.com\/en\/wp-json\/wp\/v2\/property_feature?post=982622"},{"taxonomy":"property_label","embeddable":true,"href":"https:\/\/jammestate.com\/en\/wp-json\/wp\/v2\/property_label?post=982622"},{"taxonomy":"property_country","embeddable":true,"href":"https:\/\/jammestate.com\/en\/wp-json\/wp\/v2\/property_country?post=982622"},{"taxonomy":"property_state","embeddable":true,"href":"https:\/\/jammestate.com\/en\/wp-json\/wp\/v2\/property_state?post=982622"},{"taxonomy":"property_city","embeddable":true,"href":"https:\/\/jammestate.com\/en\/wp-json\/wp\/v2\/property_city?post=982622"},{"taxonomy":"property_area","embeddable":true,"href":"https:\/\/jammestate.com\/en\/wp-json\/wp\/v2\/property_area?post=982622"}],"curies":[{"name":"wp","href":"https:\/\/api.w.org\/{rel}","templated":true}]}}